{"id":115,"date":"2021-04-12T10:15:22","date_gmt":"2021-04-12T09:15:22","guid":{"rendered":"http:\/\/www.waldemarstoffel.com\/fr\/?page_id=115"},"modified":"2021-04-12T10:15:22","modified_gmt":"2021-04-12T09:15:22","slug":"kerlescan","status":"publish","type":"page","link":"http:\/\/www.waldemarstoffel.com\/fr\/galerie\/kerlescan\/","title":{"rendered":"Kerlescan"},"content":{"rendered":"\n<p>Menhirs ont quelque chose de mystique. Ils marquent souvent des anciens lieux de culte. Ils diff\u00e8rent des blocs ordinairs en ce qu&rsquo;ils \u00e9taient mis en place d\u00e9lib\u00e9rement par des humains et ils sont solidement ancr\u00e9e dans le sol. Je suppose que c&rsquo;est ce fait qui m&rsquo;attire le plus.<\/p>\n\n\n\n<p>Bo\u00eetes \u00e0 lumi\u00e8re, 131 x 165 x 30 cm, mai 2005<\/p>\n\n\n\n<div class=\"wp-block-coblocks-gallery-masonry alignwide\"><div class=\"coblocks-gallery has-caption-style-dark has-gutter has-lightbox\"><ul class=\"has-grid-med has-gutter-15 has-gutter-mobile-15\"><li class=\"coblocks-gallery--item\"><figure class=\"coblocks-gallery--figure\"><img loading=\"lazy\" decoding=\"async\" width=\"720\" height=\"900\" src=\"http:\/\/www.waldemarstoffel.com\/cms\/uploads\/Menhir_01.jpg\" alt=\"\" data-id=\"301\" data-imglink=\"\" data-link=\"http:\/\/www.waldemarstoffel.com\/kerlescan\/\" class=\"wp-image-301\" srcset=\"http:\/\/www.waldemarstoffel.com\/cms\/uploads\/Menhir_01.jpg 720w, http:\/\/www.waldemarstoffel.com\/cms\/uploads\/Menhir_01-240x300.jpg 240w\" sizes=\"auto, (max-width: 720px) 100vw, 720px\" \/><\/figure><\/li><li class=\"coblocks-gallery--item\"><figure class=\"coblocks-gallery--figure\"><img loading=\"lazy\" decoding=\"async\" width=\"720\" height=\"900\" src=\"http:\/\/www.waldemarstoffel.com\/cms\/uploads\/Menhir_02.jpg\" alt=\"\" data-id=\"302\" data-imglink=\"\" data-link=\"http:\/\/www.waldemarstoffel.com\/kerlescan-2\/\" class=\"wp-image-302\" srcset=\"http:\/\/www.waldemarstoffel.com\/cms\/uploads\/Menhir_02.jpg 720w, http:\/\/www.waldemarstoffel.com\/cms\/uploads\/Menhir_02-240x300.jpg 240w\" sizes=\"auto, (max-width: 720px) 100vw, 720px\" \/><\/figure><\/li><li class=\"coblocks-gallery--item\"><figure class=\"coblocks-gallery--figure\"><img loading=\"lazy\" decoding=\"async\" width=\"720\" height=\"900\" src=\"http:\/\/www.waldemarstoffel.com\/cms\/uploads\/Menhir_03.jpg\" alt=\"\" data-id=\"303\" data-imglink=\"\" data-link=\"http:\/\/www.waldemarstoffel.com\/kerlescan-3\/\" class=\"wp-image-303\" srcset=\"http:\/\/www.waldemarstoffel.com\/cms\/uploads\/Menhir_03.jpg 720w, http:\/\/www.waldemarstoffel.com\/cms\/uploads\/Menhir_03-240x300.jpg 240w\" sizes=\"auto, (max-width: 720px) 100vw, 720px\" \/><\/figure><\/li><li class=\"coblocks-gallery--item\"><figure class=\"coblocks-gallery--figure\"><img loading=\"lazy\" decoding=\"async\" width=\"720\" height=\"900\" src=\"http:\/\/www.waldemarstoffel.com\/cms\/uploads\/Menhir_04.jpg\" alt=\"\" data-id=\"304\" data-imglink=\"\" data-link=\"http:\/\/www.waldemarstoffel.com\/kerlescan-4\/\" class=\"wp-image-304\" srcset=\"http:\/\/www.waldemarstoffel.com\/cms\/uploads\/Menhir_04.jpg 720w, http:\/\/www.waldemarstoffel.com\/cms\/uploads\/Menhir_04-240x300.jpg 240w\" sizes=\"auto, (max-width: 720px) 100vw, 720px\" \/><\/figure><\/li><\/ul><\/div><\/div>\n","protected":false},"excerpt":{"rendered":"<p>Menhirs ont quelque chose de mystique. Ils marquent souvent des anciens lieux de culte. Ils diff\u00e8rent des blocs ordinairs en ce qu&rsquo;ils \u00e9taient mis en place d\u00e9lib\u00e9rement par des humains et ils sont solidement ancr\u00e9e dans le sol. Je suppose que c&rsquo;est ce fait qui m&rsquo;attire le plus. Bo\u00eetes \u00e0 lumi\u00e8re, 131 x 165 x [&hellip;]<\/p>\n","protected":false},"author":8966,"featured_media":0,"parent":25,"menu_order":20,"comment_status":"closed","ping_status":"closed","template":"","meta":{"_coblocks_attr":"","_coblocks_dimensions":"","_coblocks_responsive_height":"","_coblocks_accordion_ie_support":"","footnotes":""},"class_list":["post-115","page","type-page","status-publish","hentry"],"_links":{"self":[{"href":"http:\/\/www.waldemarstoffel.com\/fr\/wp-json\/wp\/v2\/pages\/115","targetHints":{"allow":["GET"]}}],"collection":[{"href":"http:\/\/www.waldemarstoffel.com\/fr\/wp-json\/wp\/v2\/pages"}],"about":[{"href":"http:\/\/www.waldemarstoffel.com\/fr\/wp-json\/wp\/v2\/types\/page"}],"author":[{"embeddable":true,"href":"http:\/\/www.waldemarstoffel.com\/fr\/wp-json\/wp\/v2\/users\/8966"}],"replies":[{"embeddable":true,"href":"http:\/\/www.waldemarstoffel.com\/fr\/wp-json\/wp\/v2\/comments?post=115"}],"version-history":[{"count":2,"href":"http:\/\/www.waldemarstoffel.com\/fr\/wp-json\/wp\/v2\/pages\/115\/revisions"}],"predecessor-version":[{"id":117,"href":"http:\/\/www.waldemarstoffel.com\/fr\/wp-json\/wp\/v2\/pages\/115\/revisions\/117"}],"up":[{"embeddable":true,"href":"http:\/\/www.waldemarstoffel.com\/fr\/wp-json\/wp\/v2\/pages\/25"}],"wp:attachment":[{"href":"http:\/\/www.waldemarstoffel.com\/fr\/wp-json\/wp\/v2\/media?parent=115"}],"curies":[{"name":"wp","href":"https:\/\/api.w.org\/{rel}","templated":true}]}}